{"id":2576,"date":"2018-09-05T21:26:59","date_gmt":"2018-09-05T21:26:59","guid":{"rendered":"http:\/\/10.1.48.49\/?page_id=2576"},"modified":"2025-06-23T12:37:21","modified_gmt":"2025-06-23T15:37:21","slug":"cortes-programados","status":"publish","type":"page","link":"https:\/\/www.epen.gov.ar\/index.php\/cortes-programados\/","title":{"rendered":"Cortes Programados"},"content":{"rendered":"<div class=\"fusion-fullwidth fullwidth-box fusion-builder-row-1 nonhundred-percent-fullwidth non-hundred-percent-height-scrolling\" style=\"--awb-border-radius-top-left:0px;--awb-border-radius-top-right:0px;--awb-border-radius-bottom-right:0px;--awb-border-radius-bottom-left:0px;--awb-margin-top:5%;--awb-flex-wrap:wrap;\" ><div class=\"fusion-builder-row fusion-row\"><div class=\"fusion-layout-column fusion_builder_column fusion-builder-column-0 fusion_builder_column_3_5 3_5 fusion-three-fifth fusion-column-first\" style=\"--awb-bg-size:cover;width:60%;width:calc(60% - ( ( 4% ) * 0.6 ) );margin-right: 4%;\"><div class=\"fusion-column-wrapper fusion-column-has-shadow fusion-flex-column-wrapper-legacy\"><div class=\"fusion-column-content-centered\"><div class=\"fusion-column-content\"><div class=\"fusion-recent-posts fusion-recent-posts-1 avada-container layout-thumbnails-on-side layout-columns-1 fusion-recent-posts-infinite fusion-recent-posts-load-more\" style=\"--h4_typography-font-family:&quot;Manrope&quot;;--h4_typography-font-weight:700;--h4_typography-font-style:normal;--h4_typography-font-size:25px;--h4_typography-text-transform:none;\" data-pages=\"249\"><section class=\"fusion-columns columns fusion-columns-1 columns-1\"><article class=\"post fusion-column column col col-lg-12 col-md-12 col-sm-12\"><div class=\"fusion-flexslider fusion-flexslider-loading flexslider floated-slideshow flexslider-hover-type-none\"><ul class=\"slides\"><li><a href=\"https:\/\/www.epen.gov.ar\/index.php\/2026\/04\/30\/corte-programado-en-sectores-de-rincon-de-los-sauces-el-02-05-2026\/\" aria-label=\"Corte Programado en sectores de Rinc\u00f3n de los Sauces el 02\/05\/2026\" class=\"hover-type-none\"><img decoding=\"async\" width=\"200\" height=\"105\" src=\"https:\/\/www.epen.gov.ar\/wp-content\/uploads\/2024\/02\/Placa-CP-Este-200x105.jpg\" class=\"attachment-fusion-200 size-fusion-200\" alt=\"\" srcset=\"https:\/\/www.epen.gov.ar\/wp-content\/uploads\/2024\/02\/Placa-CP-Este-200x105.jpg 200w, https:\/\/www.epen.gov.ar\/wp-content\/uploads\/2024\/02\/Placa-CP-Este-300x157.jpg 300w, https:\/\/www.epen.gov.ar\/wp-content\/uploads\/2024\/02\/Placa-CP-Este-400x209.jpg 400w, https:\/\/www.epen.gov.ar\/wp-content\/uploads\/2024\/02\/Placa-CP-Este-600x314.jpg 600w, https:\/\/www.epen.gov.ar\/wp-content\/uploads\/2024\/02\/Placa-CP-Este-768x401.jpg 768w, https:\/\/www.epen.gov.ar\/wp-content\/uploads\/2024\/02\/Placa-CP-Este.jpg 800w\" sizes=\"(max-width: 200px) 100vw, 200px\" \/><\/a><\/li><\/ul><\/div><div class=\"recent-posts-content\"><span class=\"vcard\" style=\"display: none;\"><span class=\"fn\"><a href=\"https:\/\/www.epen.gov.ar\/index.php\/author\/admin\/\" title=\"Entradas de Prensa EPEN\" rel=\"author\">Prensa EPEN<\/a><\/span><\/span><span class=\"updated\" style=\"display:none;\">2026-04-30T17:55:27-03:00<\/span><h4 class=\"entry-title\"><a href=\"https:\/\/www.epen.gov.ar\/index.php\/2026\/04\/30\/corte-programado-en-sectores-de-rincon-de-los-sauces-el-02-05-2026\/\">Corte Programado en sectores de Rinc\u00f3n de los Sauces el 02\/05\/2026<\/a><\/h4><p class=\"meta\"><span class=\"vcard\" style=\"display: none;\"><span class=\"fn\"><a href=\"https:\/\/www.epen.gov.ar\/index.php\/author\/admin\/\" title=\"Entradas de Prensa EPEN\" rel=\"author\">Prensa EPEN<\/a><\/span><\/span><span class=\"updated\" style=\"display:none;\">2026-04-30T17:55:27-03:00<\/span><span>30\/04\/26 5:55 pm<\/span><span class=\"fusion-inline-sep\">|<\/span><\/p><p> El Ente Provincial de Energ\u00eda del Neuqu\u00e9n (EPEN), dependiente del Ministerio de Energ\u00eda, informa que en algunos sectores de Rinc\u00f3n de los Sauces se realizar\u00e1 un corte de energ\u00eda el\u00e9ctrica el d\u00eda s\u00e1bado 2 [...]<\/p><\/div><\/article><article class=\"post fusion-column column col col-lg-12 col-md-12 col-sm-12\"><div class=\"fusion-flexslider fusion-flexslider-loading flexslider floated-slideshow flexslider-hover-type-none\"><ul class=\"slides\"><li><a href=\"https:\/\/www.epen.gov.ar\/index.php\/2026\/04\/29\/corte-programado-en-sectores-de-centenario-el-30-04-2026\/\" aria-label=\"Corte Programado en sectores de Centenario el 30\/04\/2026\" class=\"hover-type-none\"><img decoding=\"async\" width=\"200\" height=\"105\" src=\"https:\/\/www.epen.gov.ar\/wp-content\/uploads\/2024\/02\/Placa-CP-Este-200x105.jpg\" class=\"attachment-fusion-200 size-fusion-200\" alt=\"\" srcset=\"https:\/\/www.epen.gov.ar\/wp-content\/uploads\/2024\/02\/Placa-CP-Este-200x105.jpg 200w, https:\/\/www.epen.gov.ar\/wp-content\/uploads\/2024\/02\/Placa-CP-Este-300x157.jpg 300w, https:\/\/www.epen.gov.ar\/wp-content\/uploads\/2024\/02\/Placa-CP-Este-400x209.jpg 400w, https:\/\/www.epen.gov.ar\/wp-content\/uploads\/2024\/02\/Placa-CP-Este-600x314.jpg 600w, https:\/\/www.epen.gov.ar\/wp-content\/uploads\/2024\/02\/Placa-CP-Este-768x401.jpg 768w, https:\/\/www.epen.gov.ar\/wp-content\/uploads\/2024\/02\/Placa-CP-Este.jpg 800w\" sizes=\"(max-width: 200px) 100vw, 200px\" \/><\/a><\/li><\/ul><\/div><div class=\"recent-posts-content\"><span class=\"vcard\" style=\"display: none;\"><span class=\"fn\"><a href=\"https:\/\/www.epen.gov.ar\/index.php\/author\/admin\/\" title=\"Entradas de Prensa EPEN\" rel=\"author\">Prensa EPEN<\/a><\/span><\/span><span class=\"updated\" style=\"display:none;\">2026-04-29T11:20:56-03:00<\/span><h4 class=\"entry-title\"><a href=\"https:\/\/www.epen.gov.ar\/index.php\/2026\/04\/29\/corte-programado-en-sectores-de-centenario-el-30-04-2026\/\">Corte Programado en sectores de Centenario el 30\/04\/2026<\/a><\/h4><p class=\"meta\"><span class=\"vcard\" style=\"display: none;\"><span class=\"fn\"><a href=\"https:\/\/www.epen.gov.ar\/index.php\/author\/admin\/\" title=\"Entradas de Prensa EPEN\" rel=\"author\">Prensa EPEN<\/a><\/span><\/span><span class=\"updated\" style=\"display:none;\">2026-04-29T11:20:56-03:00<\/span><span>29\/04\/26 11:18 am<\/span><span class=\"fusion-inline-sep\">|<\/span><\/p><p> El Ente Provincial de Energ\u00eda del Neuqu\u00e9n (EPEN), dependiente del Ministerio de Energ\u00eda, informa que en algunos sectores de Centenario se realizar\u00e1 un corte de energ\u00eda el\u00e9ctrica el d\u00eda jueves 30 de abril, en [...]<\/p><\/div><\/article><article class=\"post fusion-column column col col-lg-12 col-md-12 col-sm-12\"><div class=\"fusion-flexslider fusion-flexslider-loading flexslider floated-slideshow flexslider-hover-type-none\"><ul class=\"slides\"><li><a href=\"https:\/\/www.epen.gov.ar\/index.php\/2026\/04\/28\/corte-programado-en-sectores-de-zona-nahueve-el-30-04-2026\/\" aria-label=\"Corte Programado en sectores de zona Nahueve el 30\/04\/2026\" class=\"hover-type-none\"><img decoding=\"async\" width=\"200\" height=\"105\" src=\"https:\/\/www.epen.gov.ar\/wp-content\/uploads\/2024\/02\/Placa-CP-Norte-200x105.jpg\" class=\"attachment-fusion-200 size-fusion-200\" alt=\"\" srcset=\"https:\/\/www.epen.gov.ar\/wp-content\/uploads\/2024\/02\/Placa-CP-Norte-200x105.jpg 200w, https:\/\/www.epen.gov.ar\/wp-content\/uploads\/2024\/02\/Placa-CP-Norte-300x157.jpg 300w, https:\/\/www.epen.gov.ar\/wp-content\/uploads\/2024\/02\/Placa-CP-Norte-400x209.jpg 400w, https:\/\/www.epen.gov.ar\/wp-content\/uploads\/2024\/02\/Placa-CP-Norte-600x314.jpg 600w, https:\/\/www.epen.gov.ar\/wp-content\/uploads\/2024\/02\/Placa-CP-Norte-768x401.jpg 768w, https:\/\/www.epen.gov.ar\/wp-content\/uploads\/2024\/02\/Placa-CP-Norte.jpg 800w\" sizes=\"(max-width: 200px) 100vw, 200px\" \/><\/a><\/li><\/ul><\/div><div class=\"recent-posts-content\"><span class=\"vcard\" style=\"display: none;\"><span class=\"fn\"><a href=\"https:\/\/www.epen.gov.ar\/index.php\/author\/admin\/\" title=\"Entradas de Prensa EPEN\" rel=\"author\">Prensa EPEN<\/a><\/span><\/span><span class=\"updated\" style=\"display:none;\">2026-04-28T11:10:00-03:00<\/span><h4 class=\"entry-title\"><a href=\"https:\/\/www.epen.gov.ar\/index.php\/2026\/04\/28\/corte-programado-en-sectores-de-zona-nahueve-el-30-04-2026\/\">Corte Programado en sectores de zona Nahueve el 30\/04\/2026<\/a><\/h4><p class=\"meta\"><span class=\"vcard\" style=\"display: none;\"><span class=\"fn\"><a href=\"https:\/\/www.epen.gov.ar\/index.php\/author\/admin\/\" title=\"Entradas de Prensa EPEN\" rel=\"author\">Prensa EPEN<\/a><\/span><\/span><span class=\"updated\" style=\"display:none;\">2026-04-28T11:10:00-03:00<\/span><span>28\/04\/26 10:57 am<\/span><span class=\"fusion-inline-sep\">|<\/span><\/p><p> El Ente Provincial de Energ\u00eda del Neuqu\u00e9n (EPEN), dependiente del Ministerio de Energ\u00eda, informa que en algunos sectores de la zona de Nahueve se realizar\u00e1 un corte de energ\u00eda el\u00e9ctrica sobre la l\u00ednea de [...]<\/p><\/div><\/article><article class=\"post fusion-column column col col-lg-12 col-md-12 col-sm-12\"><div class=\"fusion-flexslider fusion-flexslider-loading flexslider floated-slideshow flexslider-hover-type-none\"><ul class=\"slides\"><li><a href=\"https:\/\/www.epen.gov.ar\/index.php\/2026\/04\/24\/corte-programado-en-sectores-de-san-martin-de-los-andes-el-25-04-2026\/\" aria-label=\"Corte Programado en sectores de San Mart\u00edn de los Andes el 25\/04\/2026\" class=\"hover-type-none\"><img decoding=\"async\" width=\"200\" height=\"105\" src=\"https:\/\/www.epen.gov.ar\/wp-content\/uploads\/2024\/02\/Placa-CP-Sur-200x105.jpg\" class=\"attachment-fusion-200 size-fusion-200\" alt=\"\" srcset=\"https:\/\/www.epen.gov.ar\/wp-content\/uploads\/2024\/02\/Placa-CP-Sur-200x105.jpg 200w, https:\/\/www.epen.gov.ar\/wp-content\/uploads\/2024\/02\/Placa-CP-Sur-300x157.jpg 300w, https:\/\/www.epen.gov.ar\/wp-content\/uploads\/2024\/02\/Placa-CP-Sur-400x209.jpg 400w, https:\/\/www.epen.gov.ar\/wp-content\/uploads\/2024\/02\/Placa-CP-Sur-600x314.jpg 600w, https:\/\/www.epen.gov.ar\/wp-content\/uploads\/2024\/02\/Placa-CP-Sur-768x401.jpg 768w, https:\/\/www.epen.gov.ar\/wp-content\/uploads\/2024\/02\/Placa-CP-Sur.jpg 800w\" sizes=\"(max-width: 200px) 100vw, 200px\" \/><\/a><\/li><\/ul><\/div><div class=\"recent-posts-content\"><span class=\"vcard\" style=\"display: none;\"><span class=\"fn\"><a href=\"https:\/\/www.epen.gov.ar\/index.php\/author\/admin\/\" title=\"Entradas de Prensa EPEN\" rel=\"author\">Prensa EPEN<\/a><\/span><\/span><span class=\"updated\" style=\"display:none;\">2026-04-24T14:07:50-03:00<\/span><h4 class=\"entry-title\"><a href=\"https:\/\/www.epen.gov.ar\/index.php\/2026\/04\/24\/corte-programado-en-sectores-de-san-martin-de-los-andes-el-25-04-2026\/\">Corte Programado en sectores de San Mart\u00edn de los Andes el 25\/04\/2026<\/a><\/h4><p class=\"meta\"><span class=\"vcard\" style=\"display: none;\"><span class=\"fn\"><a href=\"https:\/\/www.epen.gov.ar\/index.php\/author\/admin\/\" title=\"Entradas de Prensa EPEN\" rel=\"author\">Prensa EPEN<\/a><\/span><\/span><span class=\"updated\" style=\"display:none;\">2026-04-24T14:07:50-03:00<\/span><span>24\/04\/26 2:07 pm<\/span><span class=\"fusion-inline-sep\">|<\/span><\/p><p> El Ente Provincial de Energ\u00eda del Neuqu\u00e9n (EPEN), dependiente del Ministerio de Energ\u00eda, informa que en algunos sectores de San Mart\u00edn de los Andes se realizar\u00e1 un corte de energ\u00eda el\u00e9ctrica el d\u00eda s\u00e1bado [...]<\/p><\/div><\/article><article class=\"post fusion-column column col col-lg-12 col-md-12 col-sm-12\"><div class=\"fusion-flexslider fusion-flexslider-loading flexslider floated-slideshow flexslider-hover-type-none\"><ul class=\"slides\"><li><a href=\"https:\/\/www.epen.gov.ar\/index.php\/2026\/04\/24\/corte-programado-en-sectores-de-centenario-el-25-04-2026\/\" aria-label=\"Corte Programado en sectores de Centenario el 25\/04\/2026\" class=\"hover-type-none\"><img decoding=\"async\" width=\"200\" height=\"105\" src=\"https:\/\/www.epen.gov.ar\/wp-content\/uploads\/2024\/02\/Placa-CP-Este-200x105.jpg\" class=\"attachment-fusion-200 size-fusion-200\" alt=\"\" srcset=\"https:\/\/www.epen.gov.ar\/wp-content\/uploads\/2024\/02\/Placa-CP-Este-200x105.jpg 200w, https:\/\/www.epen.gov.ar\/wp-content\/uploads\/2024\/02\/Placa-CP-Este-300x157.jpg 300w, https:\/\/www.epen.gov.ar\/wp-content\/uploads\/2024\/02\/Placa-CP-Este-400x209.jpg 400w, https:\/\/www.epen.gov.ar\/wp-content\/uploads\/2024\/02\/Placa-CP-Este-600x314.jpg 600w, https:\/\/www.epen.gov.ar\/wp-content\/uploads\/2024\/02\/Placa-CP-Este-768x401.jpg 768w, https:\/\/www.epen.gov.ar\/wp-content\/uploads\/2024\/02\/Placa-CP-Este.jpg 800w\" sizes=\"(max-width: 200px) 100vw, 200px\" \/><\/a><\/li><\/ul><\/div><div class=\"recent-posts-content\"><span class=\"vcard\" style=\"display: none;\"><span class=\"fn\"><a href=\"https:\/\/www.epen.gov.ar\/index.php\/author\/admin\/\" title=\"Entradas de Prensa EPEN\" rel=\"author\">Prensa EPEN<\/a><\/span><\/span><span class=\"updated\" style=\"display:none;\">2026-04-24T13:19:02-03:00<\/span><h4 class=\"entry-title\"><a href=\"https:\/\/www.epen.gov.ar\/index.php\/2026\/04\/24\/corte-programado-en-sectores-de-centenario-el-25-04-2026\/\">Corte Programado en sectores de Centenario el 25\/04\/2026<\/a><\/h4><p class=\"meta\"><span class=\"vcard\" style=\"display: none;\"><span class=\"fn\"><a href=\"https:\/\/www.epen.gov.ar\/index.php\/author\/admin\/\" title=\"Entradas de Prensa EPEN\" rel=\"author\">Prensa EPEN<\/a><\/span><\/span><span class=\"updated\" style=\"display:none;\">2026-04-24T13:19:02-03:00<\/span><span>24\/04\/26 1:19 pm<\/span><span class=\"fusion-inline-sep\">|<\/span><\/p><p> El Ente Provincial de Energ\u00eda del Neuqu\u00e9n (EPEN), dependiente del Ministerio de Energ\u00eda, informa que en algunos sectores de Centenario se realizar\u00e1 un corte de energ\u00eda el\u00e9ctrica el d\u00eda s\u00e1bado 25 de abril, en [...]<\/p><\/div><\/article><article class=\"post fusion-column column col col-lg-12 col-md-12 col-sm-12\"><div class=\"fusion-flexslider fusion-flexslider-loading flexslider floated-slideshow flexslider-hover-type-none\"><ul class=\"slides\"><li><a href=\"https:\/\/www.epen.gov.ar\/index.php\/2026\/04\/24\/corte-programado-en-sectores-de-loncopue-y-el-huecu-el-29-y-30-04-2026\/\" aria-label=\"Cortes Programados en Loncopu\u00e9, El Huec\u00fa y zona rural de Caviahue y El Cholar el 29 y 30\/04\/2026\" class=\"hover-type-none\"><img decoding=\"async\" width=\"200\" height=\"105\" src=\"https:\/\/www.epen.gov.ar\/wp-content\/uploads\/2024\/02\/Placa-CP-Este-200x105.jpg\" class=\"attachment-fusion-200 size-fusion-200\" alt=\"\" srcset=\"https:\/\/www.epen.gov.ar\/wp-content\/uploads\/2024\/02\/Placa-CP-Este-200x105.jpg 200w, https:\/\/www.epen.gov.ar\/wp-content\/uploads\/2024\/02\/Placa-CP-Este-300x157.jpg 300w, https:\/\/www.epen.gov.ar\/wp-content\/uploads\/2024\/02\/Placa-CP-Este-400x209.jpg 400w, https:\/\/www.epen.gov.ar\/wp-content\/uploads\/2024\/02\/Placa-CP-Este-600x314.jpg 600w, https:\/\/www.epen.gov.ar\/wp-content\/uploads\/2024\/02\/Placa-CP-Este-768x401.jpg 768w, https:\/\/www.epen.gov.ar\/wp-content\/uploads\/2024\/02\/Placa-CP-Este.jpg 800w\" sizes=\"(max-width: 200px) 100vw, 200px\" \/><\/a><\/li><\/ul><\/div><div class=\"recent-posts-content\"><span class=\"vcard\" style=\"display: none;\"><span class=\"fn\"><a href=\"https:\/\/www.epen.gov.ar\/index.php\/author\/admin\/\" title=\"Entradas de Prensa EPEN\" rel=\"author\">Prensa EPEN<\/a><\/span><\/span><span class=\"updated\" style=\"display:none;\">2026-04-27T12:12:40-03:00<\/span><h4 class=\"entry-title\"><a href=\"https:\/\/www.epen.gov.ar\/index.php\/2026\/04\/24\/corte-programado-en-sectores-de-loncopue-y-el-huecu-el-29-y-30-04-2026\/\">Cortes Programados en Loncopu\u00e9, El Huec\u00fa y zona rural de Caviahue y El Cholar el 29 y 30\/04\/2026<\/a><\/h4><p class=\"meta\"><span class=\"vcard\" style=\"display: none;\"><span class=\"fn\"><a href=\"https:\/\/www.epen.gov.ar\/index.php\/author\/admin\/\" title=\"Entradas de Prensa EPEN\" rel=\"author\">Prensa EPEN<\/a><\/span><\/span><span class=\"updated\" style=\"display:none;\">2026-04-27T12:12:40-03:00<\/span><span>24\/04\/26 12:34 pm<\/span><span class=\"fusion-inline-sep\">|<\/span><\/p><p> El Ente Provincial de Energ\u00eda del Neuqu\u00e9n (EPEN), dependiente del Ministerio de Energ\u00eda, informa que se llevar\u00e1n a cabo trabajos de mantenimiento programado\u00a0\u00a0los d\u00edas mi\u00e9rcoles 29 y jueves 30 de abril, en el horario [...]<\/p><\/div><\/article><\/section><div class=\"fusion-infinite-scroll-trigger\"><\/div><div class=\"pagination infinite-scroll clearfix\" style=\"display:none;\"><span class=\"current\">1<\/span><a href=\"https:\/\/www.epen.gov.ar\/index.php\/wp-json\/wp\/v2\/pages\/2576\/page\/2\/\" class=\"inactive\">2<\/a><a class=\"pagination-next\" rel=\"next\" href=\"https:\/\/www.epen.gov.ar\/index.php\/wp-json\/wp\/v2\/pages\/2576\/page\/2\/\"><span class=\"page-text\">Siguiente<\/span><span class=\"page-next\"><\/span><\/a><\/div><div class=\"fusion-clearfix\"><\/div><button class=\"fusion-load-more-button fusion-blog-button fusion-clearfix\">Load More Posts<\/button><\/div><\/div><\/div><div class=\"fusion-clearfix\"><\/div><\/div><\/div><\/div><\/div>\n","protected":false},"excerpt":{"rendered":"","protected":false},"author":1,"featured_media":0,"parent":0,"menu_order":0,"comment_status":"closed","ping_status":"closed","template":"100-width.php","meta":{"_exactmetrics_skip_tracking":false,"_exactmetrics_sitenote_active":false,"_exactmetrics_sitenote_note":"","_exactmetrics_sitenote_category":0,"footnotes":""},"class_list":["post-2576","page","type-page","status-publish","hentry"],"yoast_head":"<!-- This site is optimized with the Yoast SEO plugin v27.2 - https:\/\/yoast.com\/product\/yoast-seo-wordpress\/ -->\n<title>EPEN - Cortes Programados<\/title>\n<meta name=\"robots\" content=\"index, follow, max-snippet:-1, max-image-preview:large, max-video-preview:-1\" \/>\n<link rel=\"canonical\" href=\"https:\/\/www.epen.gov.ar\/index.php\/cortes-programados\/\" \/>\n<meta property=\"og:locale\" content=\"es_ES\" \/>\n<meta property=\"og:type\" content=\"article\" \/>\n<meta property=\"og:title\" content=\"EPEN - Cortes Programados\" \/>\n<meta property=\"og:url\" content=\"https:\/\/www.epen.gov.ar\/index.php\/cortes-programados\/\" \/>\n<meta property=\"og:site_name\" content=\"EPEN\" \/>\n<meta property=\"article:publisher\" content=\"https:\/\/www.facebook.com\/EPEN.Neuquen\" \/>\n<meta property=\"article:modified_time\" content=\"2025-06-23T15:37:21+00:00\" \/>\n<meta property=\"og:image\" content=\"https:\/\/www.epen.gov.ar\/wp-content\/uploads\/2024\/02\/Logo-EPEN.jpg\" \/>\n\t<meta property=\"og:image:width\" content=\"1200\" \/>\n\t<meta property=\"og:image:height\" content=\"675\" \/>\n\t<meta property=\"og:image:type\" content=\"image\/jpeg\" \/>\n<meta name=\"twitter:card\" content=\"summary_large_image\" \/>\n<meta name=\"twitter:site\" content=\"@EPEN_Informa\" \/>\n<meta name=\"twitter:label1\" content=\"Tiempo de lectura\" \/>\n\t<meta name=\"twitter:data1\" content=\"5 minutos\" \/>\n<script type=\"application\/ld+json\" class=\"yoast-schema-graph\">{\"@context\":\"https:\/\/schema.org\",\"@graph\":[{\"@type\":\"WebPage\",\"@id\":\"https:\/\/www.epen.gov.ar\/index.php\/cortes-programados\/\",\"url\":\"https:\/\/www.epen.gov.ar\/index.php\/cortes-programados\/\",\"name\":\"EPEN - Cortes Programados\",\"isPartOf\":{\"@id\":\"https:\/\/www.epen.gov.ar\/#website\"},\"datePublished\":\"2018-09-05T21:26:59+00:00\",\"dateModified\":\"2025-06-23T15:37:21+00:00\",\"breadcrumb\":{\"@id\":\"https:\/\/www.epen.gov.ar\/index.php\/cortes-programados\/#breadcrumb\"},\"inLanguage\":\"es\",\"potentialAction\":[{\"@type\":\"ReadAction\",\"target\":[\"https:\/\/www.epen.gov.ar\/index.php\/cortes-programados\/\"]}]},{\"@type\":\"BreadcrumbList\",\"@id\":\"https:\/\/www.epen.gov.ar\/index.php\/cortes-programados\/#breadcrumb\",\"itemListElement\":[{\"@type\":\"ListItem\",\"position\":1,\"name\":\"Inicio\",\"item\":\"https:\/\/www.epen.gov.ar\/\"},{\"@type\":\"ListItem\",\"position\":2,\"name\":\"Cortes Programados\"}]},{\"@type\":\"WebSite\",\"@id\":\"https:\/\/www.epen.gov.ar\/#website\",\"url\":\"https:\/\/www.epen.gov.ar\/\",\"name\":\"EPEN\",\"description\":\"Ente Provincial de Energ\u00eda del Neuqu\u00e9n\",\"publisher\":{\"@id\":\"https:\/\/www.epen.gov.ar\/#organization\"},\"potentialAction\":[{\"@type\":\"SearchAction\",\"target\":{\"@type\":\"EntryPoint\",\"urlTemplate\":\"https:\/\/www.epen.gov.ar\/?s={search_term_string}\"},\"query-input\":{\"@type\":\"PropertyValueSpecification\",\"valueRequired\":true,\"valueName\":\"search_term_string\"}}],\"inLanguage\":\"es\"},{\"@type\":\"Organization\",\"@id\":\"https:\/\/www.epen.gov.ar\/#organization\",\"name\":\"Ente Provincial de Energ\u00eda del Neuqu\u00e9n\",\"url\":\"https:\/\/www.epen.gov.ar\/\",\"logo\":{\"@type\":\"ImageObject\",\"inLanguage\":\"es\",\"@id\":\"https:\/\/www.epen.gov.ar\/#\/schema\/logo\/image\/\",\"url\":\"https:\/\/www.epen.gov.ar\/wp-content\/uploads\/2024\/02\/Logo-EPEN-2.jpg\",\"contentUrl\":\"https:\/\/www.epen.gov.ar\/wp-content\/uploads\/2024\/02\/Logo-EPEN-2.jpg\",\"width\":696,\"height\":696,\"caption\":\"Ente Provincial de Energ\u00eda del Neuqu\u00e9n\"},\"image\":{\"@id\":\"https:\/\/www.epen.gov.ar\/#\/schema\/logo\/image\/\"},\"sameAs\":[\"https:\/\/www.facebook.com\/EPEN.Neuquen\",\"https:\/\/x.com\/EPEN_Informa\",\"https:\/\/www.youtube.com\/@epenprensa7384\"]}]}<\/script>\n<!-- \/ Yoast SEO plugin. -->","yoast_head_json":{"title":"EPEN - Cortes Programados","robots":{"index":"index","follow":"follow","max-snippet":"max-snippet:-1","max-image-preview":"max-image-preview:large","max-video-preview":"max-video-preview:-1"},"canonical":"https:\/\/www.epen.gov.ar\/index.php\/cortes-programados\/","og_locale":"es_ES","og_type":"article","og_title":"EPEN - Cortes Programados","og_url":"https:\/\/www.epen.gov.ar\/index.php\/cortes-programados\/","og_site_name":"EPEN","article_publisher":"https:\/\/www.facebook.com\/EPEN.Neuquen","article_modified_time":"2025-06-23T15:37:21+00:00","og_image":[{"width":1200,"height":675,"url":"https:\/\/www.epen.gov.ar\/wp-content\/uploads\/2024\/02\/Logo-EPEN.jpg","type":"image\/jpeg"}],"twitter_card":"summary_large_image","twitter_site":"@EPEN_Informa","twitter_misc":{"Tiempo de lectura":"5 minutos"},"schema":{"@context":"https:\/\/schema.org","@graph":[{"@type":"WebPage","@id":"https:\/\/www.epen.gov.ar\/index.php\/cortes-programados\/","url":"https:\/\/www.epen.gov.ar\/index.php\/cortes-programados\/","name":"EPEN - Cortes Programados","isPartOf":{"@id":"https:\/\/www.epen.gov.ar\/#website"},"datePublished":"2018-09-05T21:26:59+00:00","dateModified":"2025-06-23T15:37:21+00:00","breadcrumb":{"@id":"https:\/\/www.epen.gov.ar\/index.php\/cortes-programados\/#breadcrumb"},"inLanguage":"es","potentialAction":[{"@type":"ReadAction","target":["https:\/\/www.epen.gov.ar\/index.php\/cortes-programados\/"]}]},{"@type":"BreadcrumbList","@id":"https:\/\/www.epen.gov.ar\/index.php\/cortes-programados\/#breadcrumb","itemListElement":[{"@type":"ListItem","position":1,"name":"Inicio","item":"https:\/\/www.epen.gov.ar\/"},{"@type":"ListItem","position":2,"name":"Cortes Programados"}]},{"@type":"WebSite","@id":"https:\/\/www.epen.gov.ar\/#website","url":"https:\/\/www.epen.gov.ar\/","name":"EPEN","description":"Ente Provincial de Energ\u00eda del Neuqu\u00e9n","publisher":{"@id":"https:\/\/www.epen.gov.ar\/#organization"},"potentialAction":[{"@type":"SearchAction","target":{"@type":"EntryPoint","urlTemplate":"https:\/\/www.epen.gov.ar\/?s={search_term_string}"},"query-input":{"@type":"PropertyValueSpecification","valueRequired":true,"valueName":"search_term_string"}}],"inLanguage":"es"},{"@type":"Organization","@id":"https:\/\/www.epen.gov.ar\/#organization","name":"Ente Provincial de Energ\u00eda del Neuqu\u00e9n","url":"https:\/\/www.epen.gov.ar\/","logo":{"@type":"ImageObject","inLanguage":"es","@id":"https:\/\/www.epen.gov.ar\/#\/schema\/logo\/image\/","url":"https:\/\/www.epen.gov.ar\/wp-content\/uploads\/2024\/02\/Logo-EPEN-2.jpg","contentUrl":"https:\/\/www.epen.gov.ar\/wp-content\/uploads\/2024\/02\/Logo-EPEN-2.jpg","width":696,"height":696,"caption":"Ente Provincial de Energ\u00eda del Neuqu\u00e9n"},"image":{"@id":"https:\/\/www.epen.gov.ar\/#\/schema\/logo\/image\/"},"sameAs":["https:\/\/www.facebook.com\/EPEN.Neuquen","https:\/\/x.com\/EPEN_Informa","https:\/\/www.youtube.com\/@epenprensa7384"]}]}},"_links":{"self":[{"href":"https:\/\/www.epen.gov.ar\/index.php\/wp-json\/wp\/v2\/pages\/2576","targetHints":{"allow":["GET"]}}],"collection":[{"href":"https:\/\/www.epen.gov.ar\/index.php\/wp-json\/wp\/v2\/pages"}],"about":[{"href":"https:\/\/www.epen.gov.ar\/index.php\/wp-json\/wp\/v2\/types\/page"}],"author":[{"embeddable":true,"href":"https:\/\/www.epen.gov.ar\/index.php\/wp-json\/wp\/v2\/users\/1"}],"replies":[{"embeddable":true,"href":"https:\/\/www.epen.gov.ar\/index.php\/wp-json\/wp\/v2\/comments?post=2576"}],"version-history":[{"count":51,"href":"https:\/\/www.epen.gov.ar\/index.php\/wp-json\/wp\/v2\/pages\/2576\/revisions"}],"predecessor-version":[{"id":192224,"href":"https:\/\/www.epen.gov.ar\/index.php\/wp-json\/wp\/v2\/pages\/2576\/revisions\/192224"}],"wp:attachment":[{"href":"https:\/\/www.epen.gov.ar\/index.php\/wp-json\/wp\/v2\/media?parent=2576"}],"curies":[{"name":"wp","href":"https:\/\/api.w.org\/{rel}","templated":true}]}}